{"version":"1.0","provider_name":"  RADIO LJUBU\u0160KI","provider_url":"https:\/\/radioljubuski.ba","title":"BiH smanjila broj nezaposlenih, radnici u inozemstvu - RADIO LJUBU\u0160KI","type":"rich","width":600,"height":338,"html":"<blockquote class=\"wp-embedded-content\" data-secret=\"T4DZ9xXWy9\"><a href=\"https:\/\/radioljubuski.ba\/index.php\/2022\/08\/01\/bih-smanjila-broj-nezaposlenih-radnici-u-inozemstvu\/\">BiH smanjila broj nezaposlenih, radnici u inozemstvu<\/a><\/blockquote><iframe sandbox=\"allow-scripts\" security=\"restricted\" src=\"https:\/\/radioljubuski.ba\/index.php\/2022\/08\/01\/bih-smanjila-broj-nezaposlenih-radnici-u-inozemstvu\/embed\/#?secret=T4DZ9xXWy9\" width=\"600\" height=\"338\" title=\"&#8220;BiH smanjila broj nezaposlenih, radnici u inozemstvu&#8221; &#8212;   RADIO LJUBU\u0160KI\" data-secret=\"T4DZ9xXWy9\" frameborder=\"0\" marginwidth=\"0\" marginheight=\"0\" scrolling=\"no\" class=\"wp-embedded-content\"><\/iframe><script>\n\/*! This file is auto-generated *\/\n!function(d,l){\"use strict\";l.querySelector&&d.addEventListener&&\"undefined\"!=typeof URL&&(d.wp=d.wp||{},d.wp.receiveEmbedMessage||(d.wp.receiveEmbedMessage=function(e){var t=e.data;if((t||t.secret||t.message||t.value)&&!\/[^a-zA-Z0-9]\/.test(t.secret)){for(var s,r,n,a=l.querySelectorAll('iframe[data-secret=\"'+t.secret+'\"]'),o=l.querySelectorAll('blockquote[data-secret=\"'+t.secret+'\"]'),c=new RegExp(\"^https?:$\",\"i\"),i=0;i<o.length;i++)o[i].style.display=\"none\";for(i=0;i<a.length;i++)s=a[i],e.source===s.contentWindow&&(s.removeAttribute(\"style\"),\"height\"===t.message?(1e3<(r=parseInt(t.value,10))?r=1e3:~~r<200&&(r=200),s.height=r):\"link\"===t.message&&(r=new URL(s.getAttribute(\"src\")),n=new URL(t.value),c.test(n.protocol))&&n.host===r.host&&l.activeElement===s&&(d.top.location.href=t.value))}},d.addEventListener(\"message\",d.wp.receiveEmbedMessage,!1),l.addEventListener(\"DOMContentLoaded\",function(){for(var e,t,s=l.querySelectorAll(\"iframe.wp-embedded-content\"),r=0;r<s.length;r++)(t=(e=s[r]).getAttribute(\"data-secret\"))||(t=Math.random().toString(36).substring(2,12),e.src+=\"#?secret=\"+t,e.setAttribute(\"data-secret\",t)),e.contentWindow.postMessage({message:\"ready\",secret:t},\"*\")},!1)))}(window,document);\n\/\/# sourceURL=https:\/\/radioljubuski.ba\/wp-includes\/js\/wp-embed.min.js\n<\/script>\n","thumbnail_url":"https:\/\/radioljubuski.ba\/wp-content\/uploads\/2022\/08\/radnik-varioc-tvornica.jpg","thumbnail_width":800,"thumbnail_height":550,"description":"Sude\u0107i po podacima nadle\u017enih slu\u017ebi, od 90.000 odjavljenih sa zavoda za zapo\u0161ljavanje u prethodnih pet godina, vi\u0161e od 38.000 nije prijavilo zaposlenje u BiH. U posljednjih pet godina na evidencijama slu\u017ebi i zavoda za zapo\u0161ljavanje BiH broj prijavljenih nezaposlenih osoba smanjen je za oko 90.000, ali slu\u017ebeni podaci govore da u istom periodu gotovo polovica [&hellip;]"}