{"version":"1.0","provider_name":"  RADIO LJUBU\u0160KI","provider_url":"https:\/\/radioljubuski.ba","title":"Ljubu\u0161ki policajci oplja\u010dkali Tur\u010dina? - RADIO LJUBU\u0160KI","type":"rich","width":600,"height":338,"html":"<blockquote class=\"wp-embedded-content\" data-secret=\"Hlkxu63UrW\"><a href=\"https:\/\/radioljubuski.ba\/index.php\/2022\/08\/01\/ljubuski-policajci-opljackali-turcina\/\">Ljubu\u0161ki policajci oplja\u010dkali Tur\u010dina?<\/a><\/blockquote><iframe sandbox=\"allow-scripts\" security=\"restricted\" src=\"https:\/\/radioljubuski.ba\/index.php\/2022\/08\/01\/ljubuski-policajci-opljackali-turcina\/embed\/#?secret=Hlkxu63UrW\" width=\"600\" height=\"338\" title=\"&#8220;Ljubu\u0161ki policajci oplja\u010dkali Tur\u010dina?&#8221; &#8212;   RADIO LJUBU\u0160KI\" data-secret=\"Hlkxu63UrW\" frameborder=\"0\" marginwidth=\"0\" marginheight=\"0\" scrolling=\"no\" class=\"wp-embedded-content\"><\/iframe><script>\n\/*! This file is auto-generated *\/\n!function(d,l){\"use strict\";l.querySelector&&d.addEventListener&&\"undefined\"!=typeof URL&&(d.wp=d.wp||{},d.wp.receiveEmbedMessage||(d.wp.receiveEmbedMessage=function(e){var t=e.data;if((t||t.secret||t.message||t.value)&&!\/[^a-zA-Z0-9]\/.test(t.secret)){for(var s,r,n,a=l.querySelectorAll('iframe[data-secret=\"'+t.secret+'\"]'),o=l.querySelectorAll('blockquote[data-secret=\"'+t.secret+'\"]'),c=new RegExp(\"^https?:$\",\"i\"),i=0;i<o.length;i++)o[i].style.display=\"none\";for(i=0;i<a.length;i++)s=a[i],e.source===s.contentWindow&&(s.removeAttribute(\"style\"),\"height\"===t.message?(1e3<(r=parseInt(t.value,10))?r=1e3:~~r<200&&(r=200),s.height=r):\"link\"===t.message&&(r=new URL(s.getAttribute(\"src\")),n=new URL(t.value),c.test(n.protocol))&&n.host===r.host&&l.activeElement===s&&(d.top.location.href=t.value))}},d.addEventListener(\"message\",d.wp.receiveEmbedMessage,!1),l.addEventListener(\"DOMContentLoaded\",function(){for(var e,t,s=l.querySelectorAll(\"iframe.wp-embedded-content\"),r=0;r<s.length;r++)(t=(e=s[r]).getAttribute(\"data-secret\"))||(t=Math.random().toString(36).substring(2,12),e.src+=\"#?secret=\"+t,e.setAttribute(\"data-secret\",t)),e.contentWindow.postMessage({message:\"ready\",secret:t},\"*\")},!1)))}(window,document);\n\/\/# sourceURL=https:\/\/radioljubuski.ba\/wp-includes\/js\/wp-embed.min.js\n<\/script>\n","thumbnail_url":"https:\/\/radioljubuski.ba\/wp-content\/uploads\/2022\/08\/10-2022-08-01-14-22-10-Snimka-zaslona-2022-08-01-142149.jpg","thumbnail_width":1000,"thumbnail_height":625,"description":"Kako doznaje Avaz, dvojica pripadnika PU Ljubu\u0161ki suspendirana su zbog sumnje na nezakonite radnje. Kako nam je neslu\u017ebeno potvr\u0111eno, sumnja se da su prije mjesec dana na podru\u010dju Ljubu\u0161kog oplja\u010dkali dr\u017eavljanina Republike Turske, koji je to prijavio policiji. -prenosi Avaz Iz MUP-a Zapadnohercegova\u010dke \u017eupanije (ZHK) u petak nam je re\u010deno da je u tijeku istraga [&hellip;]"}