{"version":"1.0","provider_name":"  RADIO LJUBU\u0160KI","provider_url":"https:\/\/radioljubuski.ba","title":"Sve \u0161to trebate znati o turisti\u010dkim vau\u010derima -video - RADIO LJUBU\u0160KI","type":"rich","width":600,"height":338,"html":"<blockquote class=\"wp-embedded-content\" data-secret=\"01X44bcZkp\"><a href=\"https:\/\/radioljubuski.ba\/index.php\/2022\/08\/02\/sve-sto-trebate-znati-o-turistickim-vaucerima-video\/\">Sve \u0161to trebate znati o turisti\u010dkim vau\u010derima -video<\/a><\/blockquote><iframe sandbox=\"allow-scripts\" security=\"restricted\" src=\"https:\/\/radioljubuski.ba\/index.php\/2022\/08\/02\/sve-sto-trebate-znati-o-turistickim-vaucerima-video\/embed\/#?secret=01X44bcZkp\" width=\"600\" height=\"338\" title=\"&#8220;Sve \u0161to trebate znati o turisti\u010dkim vau\u010derima -video&#8221; &#8212;   RADIO LJUBU\u0160KI\" data-secret=\"01X44bcZkp\" frameborder=\"0\" marginwidth=\"0\" marginheight=\"0\" scrolling=\"no\" class=\"wp-embedded-content\"><\/iframe><script>\n\/*! This file is auto-generated *\/\n!function(d,l){\"use strict\";l.querySelector&&d.addEventListener&&\"undefined\"!=typeof URL&&(d.wp=d.wp||{},d.wp.receiveEmbedMessage||(d.wp.receiveEmbedMessage=function(e){var t=e.data;if((t||t.secret||t.message||t.value)&&!\/[^a-zA-Z0-9]\/.test(t.secret)){for(var s,r,n,a=l.querySelectorAll('iframe[data-secret=\"'+t.secret+'\"]'),o=l.querySelectorAll('blockquote[data-secret=\"'+t.secret+'\"]'),c=new RegExp(\"^https?:$\",\"i\"),i=0;i<o.length;i++)o[i].style.display=\"none\";for(i=0;i<a.length;i++)s=a[i],e.source===s.contentWindow&&(s.removeAttribute(\"style\"),\"height\"===t.message?(1e3<(r=parseInt(t.value,10))?r=1e3:~~r<200&&(r=200),s.height=r):\"link\"===t.message&&(r=new URL(s.getAttribute(\"src\")),n=new URL(t.value),c.test(n.protocol))&&n.host===r.host&&l.activeElement===s&&(d.top.location.href=t.value))}},d.addEventListener(\"message\",d.wp.receiveEmbedMessage,!1),l.addEventListener(\"DOMContentLoaded\",function(){for(var e,t,s=l.querySelectorAll(\"iframe.wp-embedded-content\"),r=0;r<s.length;r++)(t=(e=s[r]).getAttribute(\"data-secret\"))||(t=Math.random().toString(36).substring(2,12),e.src+=\"#?secret=\"+t,e.setAttribute(\"data-secret\",t)),e.contentWindow.postMessage({message:\"ready\",secret:t},\"*\")},!1)))}(window,document);\n\/\/# sourceURL=https:\/\/radioljubuski.ba\/wp-includes\/js\/wp-embed.min.js\n<\/script>\n","thumbnail_url":"https:\/\/radioljubuski.ba\/wp-content\/uploads\/2022\/08\/2048a5abc8f2c009e2c5e4e79d5ce079_L.jpg","thumbnail_width":1024,"thumbnail_height":621,"description":"Federacija Bosne i Hercegovine je projekt kori\u0161tenja turisti\u010dkih odobrila u lipnju, a provo\u0111enje po\u010dinje sljede\u0107eg ponedjeljka. No, brojni su gra\u0111ani koji ne znaju kako i na kojem podru\u010dju mogu da koriste vau\u010dere. U lipnju je federalna Vlada donijela odluku te osigurala 100 tisu\u0107a turisti\u010dkih vau\u010dera u vrijednosti od po 200 maraka. Implementacija projekta po\u010dinje u [&hellip;]"}