{"version":"1.0","provider_name":"  RADIO LJUBU\u0160KI","provider_url":"https:\/\/radioljubuski.ba","title":"Zavr\u0161ila sredi\u0161nja sve\u010danost u Kninu - RADIO LJUBU\u0160KI","type":"rich","width":600,"height":338,"html":"<blockquote class=\"wp-embedded-content\" data-secret=\"KC94i5Bzi5\"><a href=\"https:\/\/radioljubuski.ba\/index.php\/2022\/08\/05\/zavrsila-sredisnja-svecanost-u-kninu\/\">Zavr\u0161ila sredi\u0161nja sve\u010danost u Kninu<\/a><\/blockquote><iframe sandbox=\"allow-scripts\" security=\"restricted\" src=\"https:\/\/radioljubuski.ba\/index.php\/2022\/08\/05\/zavrsila-sredisnja-svecanost-u-kninu\/embed\/#?secret=KC94i5Bzi5\" width=\"600\" height=\"338\" title=\"&#8220;Zavr\u0161ila sredi\u0161nja sve\u010danost u Kninu&#8221; &#8212;   RADIO LJUBU\u0160KI\" data-secret=\"KC94i5Bzi5\" frameborder=\"0\" marginwidth=\"0\" marginheight=\"0\" scrolling=\"no\" class=\"wp-embedded-content\"><\/iframe><script>\n\/*! This file is auto-generated *\/\n!function(d,l){\"use strict\";l.querySelector&&d.addEventListener&&\"undefined\"!=typeof URL&&(d.wp=d.wp||{},d.wp.receiveEmbedMessage||(d.wp.receiveEmbedMessage=function(e){var t=e.data;if((t||t.secret||t.message||t.value)&&!\/[^a-zA-Z0-9]\/.test(t.secret)){for(var s,r,n,a=l.querySelectorAll('iframe[data-secret=\"'+t.secret+'\"]'),o=l.querySelectorAll('blockquote[data-secret=\"'+t.secret+'\"]'),c=new RegExp(\"^https?:$\",\"i\"),i=0;i<o.length;i++)o[i].style.display=\"none\";for(i=0;i<a.length;i++)s=a[i],e.source===s.contentWindow&&(s.removeAttribute(\"style\"),\"height\"===t.message?(1e3<(r=parseInt(t.value,10))?r=1e3:~~r<200&&(r=200),s.height=r):\"link\"===t.message&&(r=new URL(s.getAttribute(\"src\")),n=new URL(t.value),c.test(n.protocol))&&n.host===r.host&&l.activeElement===s&&(d.top.location.href=t.value))}},d.addEventListener(\"message\",d.wp.receiveEmbedMessage,!1),l.addEventListener(\"DOMContentLoaded\",function(){for(var e,t,s=l.querySelectorAll(\"iframe.wp-embedded-content\"),r=0;r<s.length;r++)(t=(e=s[r]).getAttribute(\"data-secret\"))||(t=Math.random().toString(36).substring(2,12),e.src+=\"#?secret=\"+t,e.setAttribute(\"data-secret\",t)),e.contentWindow.postMessage({message:\"ready\",secret:t},\"*\")},!1)))}(window,document);\n\/\/# sourceURL=https:\/\/radioljubuski.ba\/wp-includes\/js\/wp-embed.min.js\n<\/script>\n","thumbnail_url":"https:\/\/radioljubuski.ba\/wp-content\/uploads\/2022\/08\/knin.jpg","thumbnail_width":660,"thumbnail_height":330,"description":"Zavr\u0161ila je sredi\u0161nja sve\u010danost obilje\u017eavanja Dana pobjede i 27. godi\u0161njice VRO&nbsp;\u201cOluja\u201d, koja je u petak odr\u017eana na stadionu NK Dinara, a trenutno&nbsp;traje misa&nbsp;\u200bu crkvi Gospe Velikoga Hrvatskog Krsnog Zavjeta, koju predvodi&nbsp;\u0161ibenski biskup Tomislav Rogi\u0107.&nbsp; Jutros je proslava po\u010dela&nbsp;prijavkom predsjedniku Republike i vrhovnom zapovjedniku\u200b, a za to&nbsp;vrijeme je \u200bna tvr\u0111avi podignuta&nbsp;dr\u017eavna zastava uz pjevanje himne. \u200bObilje\u017eavanje [&hellip;]"}