{"version":"1.0","provider_name":"  RADIO LJUBU\u0160KI","provider_url":"https:\/\/radioljubuski.ba","title":"Kova\u010di\u0107: Lijep je osje\u0107aj do\u0107i u Zagreb - RADIO LJUBU\u0160KI","type":"rich","width":600,"height":338,"html":"<blockquote class=\"wp-embedded-content\" data-secret=\"ZJfrL2F0er\"><a href=\"https:\/\/radioljubuski.ba\/index.php\/2022\/09\/06\/kovacic-lijep-je-osjecaj-doci-u-zagreb\/\">Kova\u010di\u0107: Lijep je osje\u0107aj do\u0107i u Zagreb<\/a><\/blockquote><iframe sandbox=\"allow-scripts\" security=\"restricted\" src=\"https:\/\/radioljubuski.ba\/index.php\/2022\/09\/06\/kovacic-lijep-je-osjecaj-doci-u-zagreb\/embed\/#?secret=ZJfrL2F0er\" width=\"600\" height=\"338\" title=\"&#8220;Kova\u010di\u0107: Lijep je osje\u0107aj do\u0107i u Zagreb&#8221; &#8212;   RADIO LJUBU\u0160KI\" data-secret=\"ZJfrL2F0er\" frameborder=\"0\" marginwidth=\"0\" marginheight=\"0\" scrolling=\"no\" class=\"wp-embedded-content\"><\/iframe><script>\n\/*! This file is auto-generated *\/\n!function(d,l){\"use strict\";l.querySelector&&d.addEventListener&&\"undefined\"!=typeof URL&&(d.wp=d.wp||{},d.wp.receiveEmbedMessage||(d.wp.receiveEmbedMessage=function(e){var t=e.data;if((t||t.secret||t.message||t.value)&&!\/[^a-zA-Z0-9]\/.test(t.secret)){for(var s,r,n,a=l.querySelectorAll('iframe[data-secret=\"'+t.secret+'\"]'),o=l.querySelectorAll('blockquote[data-secret=\"'+t.secret+'\"]'),c=new RegExp(\"^https?:$\",\"i\"),i=0;i<o.length;i++)o[i].style.display=\"none\";for(i=0;i<a.length;i++)s=a[i],e.source===s.contentWindow&&(s.removeAttribute(\"style\"),\"height\"===t.message?(1e3<(r=parseInt(t.value,10))?r=1e3:~~r<200&&(r=200),s.height=r):\"link\"===t.message&&(r=new URL(s.getAttribute(\"src\")),n=new URL(t.value),c.test(n.protocol))&&n.host===r.host&&l.activeElement===s&&(d.top.location.href=t.value))}},d.addEventListener(\"message\",d.wp.receiveEmbedMessage,!1),l.addEventListener(\"DOMContentLoaded\",function(){for(var e,t,s=l.querySelectorAll(\"iframe.wp-embedded-content\"),r=0;r<s.length;r++)(t=(e=s[r]).getAttribute(\"data-secret\"))||(t=Math.random().toString(36).substring(2,12),e.src+=\"#?secret=\"+t,e.setAttribute(\"data-secret\",t)),e.contentWindow.postMessage({message:\"ready\",secret:t},\"*\")},!1)))}(window,document);\n\/\/# sourceURL=https:\/\/radioljubuski.ba\/wp-includes\/js\/wp-embed.min.js\n<\/script>\n","thumbnail_url":"https:\/\/radioljubuski.ba\/wp-content\/uploads\/2022\/09\/10-2022-09-05-19-36-48-Snimka-zaslona-2022-09-05-193546.jpg","thumbnail_width":1000,"thumbnail_height":625,"description":"Hrvatski reprezentativni veznjak Mateo Kova\u010di\u0107 igrat \u0107e sutra u dresu Chelseaja na otvaranju Lige prvaka protiv svojeg biv\u0161eg kluba zagreba\u010dkog Dinama. &#8211; Lijep je osje\u0107aj, \u010dim sam sletio u Zagreb, druga\u010diji je osje\u0107aj i vidjeti ljude na Maksimiru koje nisam vidio dugi niz godina. Tek sad vidim da samo oti\u0161ao prije puno godina, lijep je [&hellip;]"}