{"version":"1.0","provider_name":"  RADIO LJUBU\u0160KI","provider_url":"https:\/\/radioljubuski.ba","title":"Obilje\u017een Dan branitelja grada Ljubu\u0161kog - RADIO LJUBU\u0160KI","type":"rich","width":600,"height":338,"html":"<blockquote class=\"wp-embedded-content\" data-secret=\"Ra4rbuEAJ4\"><a href=\"https:\/\/radioljubuski.ba\/index.php\/2023\/02\/18\/obiljezen-dan-branitelja-grada-ljubuskog-2\/\">Obilje\u017een Dan branitelja grada Ljubu\u0161kog<\/a><\/blockquote><iframe sandbox=\"allow-scripts\" security=\"restricted\" src=\"https:\/\/radioljubuski.ba\/index.php\/2023\/02\/18\/obiljezen-dan-branitelja-grada-ljubuskog-2\/embed\/#?secret=Ra4rbuEAJ4\" width=\"600\" height=\"338\" title=\"&#8220;Obilje\u017een Dan branitelja grada Ljubu\u0161kog&#8221; &#8212;   RADIO LJUBU\u0160KI\" data-secret=\"Ra4rbuEAJ4\" frameborder=\"0\" marginwidth=\"0\" marginheight=\"0\" scrolling=\"no\" class=\"wp-embedded-content\"><\/iframe><script>\n\/*! This file is auto-generated *\/\n!function(d,l){\"use strict\";l.querySelector&&d.addEventListener&&\"undefined\"!=typeof URL&&(d.wp=d.wp||{},d.wp.receiveEmbedMessage||(d.wp.receiveEmbedMessage=function(e){var t=e.data;if((t||t.secret||t.message||t.value)&&!\/[^a-zA-Z0-9]\/.test(t.secret)){for(var s,r,n,a=l.querySelectorAll('iframe[data-secret=\"'+t.secret+'\"]'),o=l.querySelectorAll('blockquote[data-secret=\"'+t.secret+'\"]'),c=new RegExp(\"^https?:$\",\"i\"),i=0;i<o.length;i++)o[i].style.display=\"none\";for(i=0;i<a.length;i++)s=a[i],e.source===s.contentWindow&&(s.removeAttribute(\"style\"),\"height\"===t.message?(1e3<(r=parseInt(t.value,10))?r=1e3:~~r<200&&(r=200),s.height=r):\"link\"===t.message&&(r=new URL(s.getAttribute(\"src\")),n=new URL(t.value),c.test(n.protocol))&&n.host===r.host&&l.activeElement===s&&(d.top.location.href=t.value))}},d.addEventListener(\"message\",d.wp.receiveEmbedMessage,!1),l.addEventListener(\"DOMContentLoaded\",function(){for(var e,t,s=l.querySelectorAll(\"iframe.wp-embedded-content\"),r=0;r<s.length;r++)(t=(e=s[r]).getAttribute(\"data-secret\"))||(t=Math.random().toString(36).substring(2,12),e.src+=\"#?secret=\"+t,e.setAttribute(\"data-secret\",t)),e.contentWindow.postMessage({message:\"ready\",secret:t},\"*\")},!1)))}(window,document);\n\/\/# sourceURL=https:\/\/radioljubuski.ba\/wp-includes\/js\/wp-embed.min.js\n<\/script>\n","thumbnail_url":"https:\/\/radioljubuski.ba\/wp-content\/uploads\/2023\/02\/DSC0017.jpg","thumbnail_width":1024,"thumbnail_height":683,"description":"Slu\u017ebeni po\u010detak obilje\u017eavanja Dana branitelja na trgu dr.Franje Tu\u0111mana iza zgrada Gradske uprave u Ljubu\u0161kom zapo\u010deo je \u201eLijepom na\u0161om\u201c &nbsp;u izvedbi klape Benediktus pod ravnanjem prof. Zdenka Vi\u0161tice. Nakon \u0161to su branitelji, obitelji poginulih branitelja i civilnih \u017ertava rata, predstavnici gradske i \u017eupanijske vlasti, udruga proisteklih iz Domovinskog rata i ostali polo\u017eili vijenac i zapalili [&hellip;]"}