{"version":"1.0","provider_name":"  RADIO LJUBU\u0160KI","provider_url":"https:\/\/radioljubuski.ba","title":"HKUD Studen\u010dica u Privlaci - RADIO LJUBU\u0160KI","type":"rich","width":600,"height":338,"html":"<blockquote class=\"wp-embedded-content\" data-secret=\"DNdNtPZnzS\"><a href=\"https:\/\/radioljubuski.ba\/index.php\/2023\/05\/11\/hkud-studencica-u-privlaci\/\">HKUD Studen\u010dica u Privlaci<\/a><\/blockquote><iframe sandbox=\"allow-scripts\" security=\"restricted\" src=\"https:\/\/radioljubuski.ba\/index.php\/2023\/05\/11\/hkud-studencica-u-privlaci\/embed\/#?secret=DNdNtPZnzS\" width=\"600\" height=\"338\" title=\"&#8220;HKUD Studen\u010dica u Privlaci&#8221; &#8212;   RADIO LJUBU\u0160KI\" data-secret=\"DNdNtPZnzS\" frameborder=\"0\" marginwidth=\"0\" marginheight=\"0\" scrolling=\"no\" class=\"wp-embedded-content\"><\/iframe><script>\n\/*! This file is auto-generated *\/\n!function(d,l){\"use strict\";l.querySelector&&d.addEventListener&&\"undefined\"!=typeof URL&&(d.wp=d.wp||{},d.wp.receiveEmbedMessage||(d.wp.receiveEmbedMessage=function(e){var t=e.data;if((t||t.secret||t.message||t.value)&&!\/[^a-zA-Z0-9]\/.test(t.secret)){for(var s,r,n,a=l.querySelectorAll('iframe[data-secret=\"'+t.secret+'\"]'),o=l.querySelectorAll('blockquote[data-secret=\"'+t.secret+'\"]'),c=new RegExp(\"^https?:$\",\"i\"),i=0;i<o.length;i++)o[i].style.display=\"none\";for(i=0;i<a.length;i++)s=a[i],e.source===s.contentWindow&&(s.removeAttribute(\"style\"),\"height\"===t.message?(1e3<(r=parseInt(t.value,10))?r=1e3:~~r<200&&(r=200),s.height=r):\"link\"===t.message&&(r=new URL(s.getAttribute(\"src\")),n=new URL(t.value),c.test(n.protocol))&&n.host===r.host&&l.activeElement===s&&(d.top.location.href=t.value))}},d.addEventListener(\"message\",d.wp.receiveEmbedMessage,!1),l.addEventListener(\"DOMContentLoaded\",function(){for(var e,t,s=l.querySelectorAll(\"iframe.wp-embedded-content\"),r=0;r<s.length;r++)(t=(e=s[r]).getAttribute(\"data-secret\"))||(t=Math.random().toString(36).substring(2,12),e.src+=\"#?secret=\"+t,e.setAttribute(\"data-secret\",t)),e.contentWindow.postMessage({message:\"ready\",secret:t},\"*\")},!1)))}(window,document);\n\/\/# sourceURL=https:\/\/radioljubuski.ba\/wp-includes\/js\/wp-embed.min.js\n<\/script>\n","thumbnail_url":"https:\/\/radioljubuski.ba\/wp-content\/uploads\/2023\/05\/foto-studencica-gostovala-u-privlaci.jpg","thumbnail_width":800,"thumbnail_height":428,"description":"Folklorna sekcija HKUD-a \u201eStuden\u010dica\u201c i pjeva\u010dka skupina \u201eStudena\u010dki Be\u0107ari\u201c u subotu, 13.svibnja, nastupit \u0107e u Privlaci (Vukovarsko-srijemska \u017eupanija) na prigodnoj proslavi obilje\u017eavanja Dana op\u0107ine Privlaka. Uz doma\u0107ine, Kulturni centar Klasje sa svojim folklorom i pjeva\u010dkim skupinama i Studen\u010dane, nastupit \u0107e pjeva\u010dke skupine \u201eBa\u0107e\u201c iz Bo\u0161njaka (mu\u0161ka i \u017eenska), \u017eenske pjeva\u010dke skupine Sokolice KUD-a Sibinj, a [&hellip;]"}