{"version":"1.0","provider_name":"  RADIO LJUBU\u0160KI","provider_url":"https:\/\/radioljubuski.ba","title":"Karate klub Ljubu\u0161ki uspje\u0161no zavr\u0161io sezonu - RADIO LJUBU\u0160KI","type":"rich","width":600,"height":338,"html":"<blockquote class=\"wp-embedded-content\" data-secret=\"Wr3Cm2mhgH\"><a href=\"https:\/\/radioljubuski.ba\/index.php\/2024\/06\/29\/karate-klub-ljubuski-uspjesno-zavrsio-sezonu\/\">Karate klub Ljubu\u0161ki uspje\u0161no zavr\u0161io sezonu<\/a><\/blockquote><iframe sandbox=\"allow-scripts\" security=\"restricted\" src=\"https:\/\/radioljubuski.ba\/index.php\/2024\/06\/29\/karate-klub-ljubuski-uspjesno-zavrsio-sezonu\/embed\/#?secret=Wr3Cm2mhgH\" width=\"600\" height=\"338\" title=\"&#8220;Karate klub Ljubu\u0161ki uspje\u0161no zavr\u0161io sezonu&#8221; &#8212;   RADIO LJUBU\u0160KI\" data-secret=\"Wr3Cm2mhgH\" frameborder=\"0\" marginwidth=\"0\" marginheight=\"0\" scrolling=\"no\" class=\"wp-embedded-content\"><\/iframe><script>\n\/*! This file is auto-generated *\/\n!function(d,l){\"use strict\";l.querySelector&&d.addEventListener&&\"undefined\"!=typeof URL&&(d.wp=d.wp||{},d.wp.receiveEmbedMessage||(d.wp.receiveEmbedMessage=function(e){var t=e.data;if((t||t.secret||t.message||t.value)&&!\/[^a-zA-Z0-9]\/.test(t.secret)){for(var s,r,n,a=l.querySelectorAll('iframe[data-secret=\"'+t.secret+'\"]'),o=l.querySelectorAll('blockquote[data-secret=\"'+t.secret+'\"]'),c=new RegExp(\"^https?:$\",\"i\"),i=0;i<o.length;i++)o[i].style.display=\"none\";for(i=0;i<a.length;i++)s=a[i],e.source===s.contentWindow&&(s.removeAttribute(\"style\"),\"height\"===t.message?(1e3<(r=parseInt(t.value,10))?r=1e3:~~r<200&&(r=200),s.height=r):\"link\"===t.message&&(r=new URL(s.getAttribute(\"src\")),n=new URL(t.value),c.test(n.protocol))&&n.host===r.host&&l.activeElement===s&&(d.top.location.href=t.value))}},d.addEventListener(\"message\",d.wp.receiveEmbedMessage,!1),l.addEventListener(\"DOMContentLoaded\",function(){for(var e,t,s=l.querySelectorAll(\"iframe.wp-embedded-content\"),r=0;r<s.length;r++)(t=(e=s[r]).getAttribute(\"data-secret\"))||(t=Math.random().toString(36).substring(2,12),e.src+=\"#?secret=\"+t,e.setAttribute(\"data-secret\",t)),e.contentWindow.postMessage({message:\"ready\",secret:t},\"*\")},!1)))}(window,document);\n\/\/# sourceURL=https:\/\/radioljubuski.ba\/wp-includes\/js\/wp-embed.min.js\n<\/script>\n","thumbnail_url":"https:\/\/radioljubuski.ba\/wp-content\/uploads\/2024\/06\/djeca-2.jpg","thumbnail_width":1365,"thumbnail_height":2048,"description":"Na kraju svoje sezone Karate klub Ljubu\u0161ki odr\u017eao polaganje za u\u010deni\u010dka zvanja, polaganje je odr\u017eano 25. lipnja. Polaganje\u00a0za pojaseve predstavlja demonstraciju znanja pred licenciranim ispitiva\u010dima koji na temelju toga donose ocjenu koliko je polaznik svladao vje\u0161tina i usvojio zadani program. Polaganju je\u00a0pristupilo 87 kandidata za bijelo-\u017euti, \u017euti, naran\u010dasti,crveni, zeleni, i plavi i ljubi\u010dasti pojas, svi [&hellip;]"}