{"version":"1.0","provider_name":"  RADIO LJUBU\u0160KI","provider_url":"https:\/\/radioljubuski.ba","title":"NAJAVA: \u0160kola cijepljenja masline 2025. godine - RADIO LJUBU\u0160KI","type":"rich","width":600,"height":338,"html":"<blockquote class=\"wp-embedded-content\" data-secret=\"SRlethUnOd\"><a href=\"https:\/\/radioljubuski.ba\/index.php\/2025\/04\/29\/najava-skola-cijepljenja-masline-2025-godine\/\">NAJAVA: \u0160kola cijepljenja masline 2025. godine<\/a><\/blockquote><iframe sandbox=\"allow-scripts\" security=\"restricted\" src=\"https:\/\/radioljubuski.ba\/index.php\/2025\/04\/29\/najava-skola-cijepljenja-masline-2025-godine\/embed\/#?secret=SRlethUnOd\" width=\"600\" height=\"338\" title=\"&#8220;NAJAVA: \u0160kola cijepljenja masline 2025. godine&#8221; &#8212;   RADIO LJUBU\u0160KI\" data-secret=\"SRlethUnOd\" frameborder=\"0\" marginwidth=\"0\" marginheight=\"0\" scrolling=\"no\" class=\"wp-embedded-content\"><\/iframe><script>\n\/*! This file is auto-generated *\/\n!function(d,l){\"use strict\";l.querySelector&&d.addEventListener&&\"undefined\"!=typeof URL&&(d.wp=d.wp||{},d.wp.receiveEmbedMessage||(d.wp.receiveEmbedMessage=function(e){var t=e.data;if((t||t.secret||t.message||t.value)&&!\/[^a-zA-Z0-9]\/.test(t.secret)){for(var s,r,n,a=l.querySelectorAll('iframe[data-secret=\"'+t.secret+'\"]'),o=l.querySelectorAll('blockquote[data-secret=\"'+t.secret+'\"]'),c=new RegExp(\"^https?:$\",\"i\"),i=0;i<o.length;i++)o[i].style.display=\"none\";for(i=0;i<a.length;i++)s=a[i],e.source===s.contentWindow&&(s.removeAttribute(\"style\"),\"height\"===t.message?(1e3<(r=parseInt(t.value,10))?r=1e3:~~r<200&&(r=200),s.height=r):\"link\"===t.message&&(r=new URL(s.getAttribute(\"src\")),n=new URL(t.value),c.test(n.protocol))&&n.host===r.host&&l.activeElement===s&&(d.top.location.href=t.value))}},d.addEventListener(\"message\",d.wp.receiveEmbedMessage,!1),l.addEventListener(\"DOMContentLoaded\",function(){for(var e,t,s=l.querySelectorAll(\"iframe.wp-embedded-content\"),r=0;r<s.length;r++)(t=(e=s[r]).getAttribute(\"data-secret\"))||(t=Math.random().toString(36).substring(2,12),e.src+=\"#?secret=\"+t,e.setAttribute(\"data-secret\",t)),e.contentWindow.postMessage({message:\"ready\",secret:t},\"*\")},!1)))}(window,document);\n\/\/# sourceURL=https:\/\/radioljubuski.ba\/wp-includes\/js\/wp-embed.min.js\n<\/script>\n","thumbnail_url":"https:\/\/radioljubuski.ba\/wp-content\/uploads\/2022\/05\/JH6fBRtj_maslina.jpg","thumbnail_width":1000,"thumbnail_height":625,"description":"Federalni agromediteranski zavod Mostar i u mjesecu svibnju nastavlja sa svojim aktivnostima u vo\u0107arstvu, ovaj put sa &#8220;\u0160kolom cijepljenja&#8221;. \u0160kola je namijenjena svima koji \u017eele znati kako na kvalitetan na\u010din obaviti cijepljenje masline. Polaznici \u0161kole mogu biti svi koji \u017eele obaviti kvalitetno cijepljenje masline. Metoda cijepljenja \u201epod koru\u201c. \u0160kola je besplatna. Ovom prilikom se pozivaju [&hellip;]"}